{"id":36,"date":"2011-09-19T21:03:13","date_gmt":"2011-09-19T19:03:13","guid":{"rendered":"http:\/\/www.planete-sciences.org\/blogs\/defissolaires\/?page_id=36"},"modified":"2023-03-29T09:26:52","modified_gmt":"2023-03-29T07:26:52","slug":"reglement","status":"publish","type":"page","link":"http:\/\/www.planete-sciences.org\/blogs\/defissolaires\/edition-courante\/reglement\/","title":{"rendered":"R\u00e8glement"},"content":{"rendered":"<h1 style=\"text-align: center;\" align=\"center\"><span style=\"color: #ff0000;\">Les r\u00e8glements<br \/>\n<\/span><\/h1>\n<p><img loading=\"lazy\" class=\"aligncenter size-medium wp-image-1988\" src=\"http:\/\/www.planete-sciences.org\/blogs\/defissolaires\/wp-content\/uploads\/2012\/10\/course1-300x200.jpg\" alt=\"course\" width=\"300\" height=\"200\" srcset=\"http:\/\/www.planete-sciences.org\/blogs\/defissolaires\/wp-content\/uploads\/2012\/10\/course1-300x200.jpg 300w, http:\/\/www.planete-sciences.org\/blogs\/defissolaires\/wp-content\/uploads\/2012\/10\/course1.jpg 900w\" sizes=\"(max-width: 300px) 100vw, 300px\" \/><\/p>\n<h1 style=\"text-align: center;\">PAS DE CHANGEMENT POUR L&rsquo;EDITION 2023<\/h1>\n<h3><\/h3>\n<h3 style=\"text-align: center;\"><span style=\"color: #0000ff;\"><strong>Le r\u00e8glement\u00a0 des v\u00e9hicules filoguid\u00e9s : pour les \u00e9l\u00e8ves de cycle 3 et 4 (\u00c9coles \u00c9l\u00e9mentaires et Coll\u00e8ges) et les Centres de Loisirs<br \/>\n<\/strong><\/span><\/h3>\n<p style=\"text-align: justify;\"><span style=\"color: #333333;\">Nous proposons aux \u00e9tablissements scolaires (Cycle 3 et 4) souhaitant participer aux D\u00e9fis Solaires de r\u00e9aliser avec les jeunes de petits v\u00e9hicules tr\u00e8s simple permettant d&rsquo;avancer en ligne droite.<\/span><br \/>\n<span style=\"color: #333333;\"> Vous avez la version t\u00e9l\u00e9chargeable de l&rsquo;\u00e9dition 2023 ici : <\/span><a title=\"Cahier des charges D\u00e9fis Solaires voiture Filoguid\u00e9\" href=\"http:\/\/www.planete-sciences.org\/midi-pyrenees\/web\/wp-content\/uploads\/2023\/04\/Cahier_des-charge_Filoguidees_2023.pdf\" target=\"_blank\" rel=\"noopener\">R\u00e8glement_D\u00e9fis solaires El\u00e9mentaires_2023<\/a>.<\/p>\n<h3 style=\"text-align: center;\"><span style=\"color: #0000ff;\">\u00a0<strong>Le r\u00e8glement des v\u00e9hicules radiocommand\u00e9s pour les Coll\u00e8ges, les Lyc\u00e9es &amp; les clubs de loisirs<\/strong><\/span><\/h3>\n<p style=\"text-align: justify;\"><span style=\"color: #333333;\">\u00a0Le r\u00e8glement, pour les \u00e9preuves de v\u00e9hicules radiocommand\u00e9s des D\u00e9fis Solaires 2023 est disponible en t\u00e9l\u00e9chargement : <a title=\"Cahier des charges D\u00e9fis Solaires voiture Radiocommand\u00e9\" href=\"http:\/\/www.planete-sciences.org\/midi-pyrenees\/web\/wp-content\/uploads\/2023\/04\/Cahier_des-charge_radiocommande_2023.pdf\" target=\"_blank\" rel=\"noopener\"><em>R\u00e8glement_Coll\u00e8ges-Lyc\u00e9es-Loisirs_2023<\/em><\/a> <em>(attention une modification a \u00e9t\u00e9 apport\u00e9e concernant les prix, v\u00e9rifiez que vous \u00eates en possession de la version 1.3 du r\u00e8glement).<\/em><br \/>\n<\/span><\/p>\n<p><strong>Les courses pour les Coll\u00e8ges, Lyc\u00e9es et Clubs de loisirs ne se d\u00e9rouleront plus sur le parking mais dans l&rsquo;enceinte de la Cit\u00e9 de l&rsquo;espace!\u00a0<\/strong><\/p>\n<h3 style=\"text-align: center;\" align=\"center\"><span style=\"color: #0000ff;\"><strong>Pr\u00e9cisions pour l&rsquo;ensemble des participants<\/strong><\/span><\/h3>\n<p style=\"text-align: justify;\"><span style=\"color: #333333;\">Le nombre de v\u00e9hicules par \u00e9tablissement sera d\u00e9fini \u00e0 la cl\u00f4ture des inscriptions. La classe qui pr\u00e9sente le projet doit \u00eatre inscrite au plus tard au 31 D\u00e9cembre et les informations concernant sa construction devront \u00eatre communiqu\u00e9es \u00e0 Plan\u00e8te Sciences Occitanie.<\/span><br \/>\n<span style=\"color: #333333;\">Les batteries employ\u00e9es pour le stockage de l&rsquo;\u00e9nergie \u00e9lectrique produite par les panneaux solaires doivent \u00eatre <strong>d\u00e9montables facilement<\/strong>.<\/span><br \/>\nL<span style=\"color: #333333;\">es fr\u00e9quences des radiocommandes peuvent \u00eatre attribu\u00e9es aux participants par les organisateurs.<\/span><\/p>\n<p style=\"text-align: justify;\"><strong><span style=\"color: #ff0000;\">Nous rappelons l&rsquo;importance de lire les cahiers des charges, qui a un impact direct sur l&rsquo;avancement du projet et le planning des journ\u00e9es de valorisation.<\/span><\/strong><\/p>\n<p><img loading=\"lazy\" class=\"aligncenter size-medium wp-image-2873\" src=\"http:\/\/www.planete-sciences.org\/blogs\/defissolaires\/wp-content\/uploads\/2016\/06\/DF_Photo-Elise-300x169.jpeg\" alt=\"DF_Photo Elise\" width=\"300\" height=\"169\" srcset=\"http:\/\/www.planete-sciences.org\/blogs\/defissolaires\/wp-content\/uploads\/2016\/06\/DF_Photo-Elise-300x169.jpeg 300w, http:\/\/www.planete-sciences.org\/blogs\/defissolaires\/wp-content\/uploads\/2016\/06\/DF_Photo-Elise-1000x563.jpeg 1000w, http:\/\/www.planete-sciences.org\/blogs\/defissolaires\/wp-content\/uploads\/2016\/06\/DF_Photo-Elise.jpeg 1632w\" sizes=\"(max-width: 300px) 100vw, 300px\" \/><\/p>\n","protected":false},"excerpt":{"rendered":"<p>Les r\u00e8glements PAS DE CHANGEMENT POUR L&rsquo;EDITION 2023 Le r\u00e8glement\u00a0 des v\u00e9hicules filoguid\u00e9s : pour les \u00e9l\u00e8ves de cycle 3 et 4 (\u00c9coles \u00c9l\u00e9mentaires et Coll\u00e8ges) et les Centres de Loisirs Nous proposons aux \u00e9tablissements scolaires (Cycle 3 et 4) souhaitant participer aux D\u00e9fis Solaires de r\u00e9aliser avec les jeunes de petits v\u00e9hicules tr\u00e8s simple [&hellip;]<\/p>\n","protected":false},"author":1,"featured_media":0,"parent":971,"menu_order":3,"comment_status":"open","ping_status":"closed","template":"","meta":[],"_links":{"self":[{"href":"http:\/\/www.planete-sciences.org\/blogs\/defissolaires\/wp-json\/wp\/v2\/pages\/36"}],"collection":[{"href":"http:\/\/www.planete-sciences.org\/blogs\/defissolaires\/wp-json\/wp\/v2\/pages"}],"about":[{"href":"http:\/\/www.planete-sciences.org\/blogs\/defissolaires\/wp-json\/wp\/v2\/types\/page"}],"author":[{"embeddable":true,"href":"http:\/\/www.planete-sciences.org\/blogs\/defissolaires\/wp-json\/wp\/v2\/users\/1"}],"replies":[{"embeddable":true,"href":"http:\/\/www.planete-sciences.org\/blogs\/defissolaires\/wp-json\/wp\/v2\/comments?post=36"}],"version-history":[{"count":78,"href":"http:\/\/www.planete-sciences.org\/blogs\/defissolaires\/wp-json\/wp\/v2\/pages\/36\/revisions"}],"predecessor-version":[{"id":3577,"href":"http:\/\/www.planete-sciences.org\/blogs\/defissolaires\/wp-json\/wp\/v2\/pages\/36\/revisions\/3577"}],"up":[{"embeddable":true,"href":"http:\/\/www.planete-sciences.org\/blogs\/defissolaires\/wp-json\/wp\/v2\/pages\/971"}],"wp:attachment":[{"href":"http:\/\/www.planete-sciences.org\/blogs\/defissolaires\/wp-json\/wp\/v2\/media?parent=36"}],"curies":[{"name":"wp","href":"https:\/\/api.w.org\/{rel}","templated":true}]}}