{"id":3390,"date":"2020-11-03T08:15:22","date_gmt":"2020-11-03T07:15:22","guid":{"rendered":"http:\/\/www.planete-sciences.org\/blogs\/defissolaires\/?page_id=3390"},"modified":"2021-11-22T11:25:44","modified_gmt":"2021-11-22T10:25:44","slug":"le-gers","status":"publish","type":"page","link":"http:\/\/www.planete-sciences.org\/blogs\/defissolaires\/edition-courante\/les-departements\/le-gers\/","title":{"rendered":"Le Gers"},"content":{"rendered":"\n<p class=\"has-text-align-center\">Les D\u00e9fis Solaires sont pr\u00e9sents dans le Gers et\npropos\u00e9s aux \u00e9coles depuis l\u2019ann\u00e9e scolaire 2015-2016. C\u2019est l\u2019association <a href=\"http:\/\/www.fermedesetoiles.com\/\">A Ciel Ouvert (groupe Ferme des Etoiles)<\/a> qui\nassure la coordination de ce projet dans ce d\u00e9partement.<\/p>\n\n\n\n<h1 class=\"has-text-align-center\">A Ciel Ouvert\n&amp; le groupe Ferme des Etoiles<\/h1>\n\n\n\n<div class=\"wp-block-image\"><figure class=\"aligncenter size-large\"><img loading=\"lazy\" width=\"1000\" height=\"665\" src=\"http:\/\/www.planete-sciences.org\/blogs\/defissolaires\/wp-content\/uploads\/2020\/11\/logo-ACO-2014-1000x665.png\" alt=\"La Ferme des Etoiles\" class=\"wp-image-3391\" srcset=\"http:\/\/www.planete-sciences.org\/blogs\/defissolaires\/wp-content\/uploads\/2020\/11\/logo-ACO-2014-1000x665.png 1000w, http:\/\/www.planete-sciences.org\/blogs\/defissolaires\/wp-content\/uploads\/2020\/11\/logo-ACO-2014-300x199.png 300w, http:\/\/www.planete-sciences.org\/blogs\/defissolaires\/wp-content\/uploads\/2020\/11\/logo-ACO-2014-768x511.png 768w, http:\/\/www.planete-sciences.org\/blogs\/defissolaires\/wp-content\/uploads\/2020\/11\/logo-ACO-2014-1536x1021.png 1536w, http:\/\/www.planete-sciences.org\/blogs\/defissolaires\/wp-content\/uploads\/2020\/11\/logo-ACO-2014.png 1772w\" sizes=\"(max-width: 1000px) 100vw, 1000px\" \/><\/figure><\/div>\n\n\n\n<p>Quatre\nassociations sans but lucratif (loi de 1901) ont mis en commun leurs\nsavoir-faire et leurs moyens pour porter un projet de culture scientifique sur\nle th\u00e8me des sciences de l&rsquo;Univers et de la Terre :<\/p>\n\n\n\n<ul><li>Association du <a href=\"http:\/\/www.fermedesetoiles.com\/presentation\/page\/11\/festival_international_du_ciel_et_de_l_espace\">Festival\nInternational du Ciel et de l&rsquo;Espace<\/a><em> <\/em>qui assure\nl&rsquo;organisation d\u2019\u00e9v\u00e8nements ponctuels, notamment le Festival d&rsquo;Astronomie de\nFleurance, le Marathon des sciences et le Festival Astro-Jeunes.<\/li><li>Association <a href=\"http:\/\/www.fermedesetoiles.com\/presentation\/page\/9\/a_ciel_ouvert\">A Ciel\nOuvert<\/a><em> <\/em>qui a en charge la conception et la mise en \u0153uvre des contenus\np\u00e9dagogiques et dispose des ressources humaines et des \u00e9quipements et\nmat\u00e9rielles n\u00e9cessaires \u00e0 ces activit\u00e9s.<\/li><li>Association <a href=\"http:\/\/www.fermedesetoiles.com\/presentation\/page\/10\/la_ferme_des_etoiles\">La Ferme\ndes Etoiles<\/a> qui g\u00e8re l&rsquo;h\u00e9bergement du m\u00eame nom.<\/li><li>Association <strong>Science en Bigorre<\/strong> , bas\u00e9e dans les Hautes-Pyr\u00e9n\u00e9es et qui assure des actions de m\u00e9diation scientifique\nautour du th\u00e8me de la nuit.<\/li><\/ul>\n\n\n\n<p>Ces trois\nstructures sont regroup\u00e9es sous le \u00ab label \u00bb commun : <strong>\u00ab La Ferme\ndes Etoiles \u00bb<\/strong><br>\nParrain\u00e9 par <strong>Hubert REEVES<\/strong>,<em> <\/em>le projet\ns&rsquo;adresse \u00e0 un large public et s&rsquo;inscrit dans une double d\u00e9marche \u00e0 la fois\nscientifique et citoyenne&nbsp;:<\/p>\n\n\n\n<ul><li>La d\u00e9marche scientifique : <ul><li>Faire\nd\u00e9couvrir et aimer la science au plus grand nombre, notamment les jeunes<\/li><\/ul><ul><li>Apporter\ndes formations permettant une pratique de loisir (initiation) ou de passion\n(perfectionnement) des activit\u00e9s li\u00e9es au Ciel et \u00e0 l&rsquo;Espace (astronomie,\na\u00e9ronautique, astronautique, et plus r\u00e9cemment robotique)<\/li><\/ul><\/li><\/ul>\n\n\n\n<ul><li>La d\u00e9marche citoyenne : <ul><li>Expliquer\nl&rsquo;Univers et la place que nous y occupons<\/li><\/ul><ul><li>Contribuer\n\u00e0 une prise de conscience des dangers qui menacent notre plan\u00e8te <\/li><\/ul><ul><li>Sensibiliser\naux changements de pratiques et de comportements qui en d\u00e9coulent<\/li><\/ul><ul><li>Contribuer\n\u00e0 donner \u00e0 chacun &#8211; et particuli\u00e8rement aux plus jeunes &#8211; le go\u00fbt et les moyens\nde d\u00e9velopper un esprit critique, fondement de la d\u00e9marche scientifique et\ncondition de la libert\u00e9 citoyenne.<\/li><\/ul><\/li><\/ul>\n\n\n\n<p>Le projet est\nreconnu comme <strong>\u00ab P\u00f4le Culturel de Rayonnement scientifique et technique \u00bb<\/strong><em> <\/em>par la R\u00e9gion\nMidi-Pyr\u00e9n\u00e9es.<\/p>\n\n\n\n<p>Il est\nassoci\u00e9 au CCSTI de la R\u00e9gion Midi-Pyr\u00e9n\u00e9es <strong>\u00ab Science Animation \u00bb<\/strong><br>\nIl b\u00e9n\u00e9ficie du soutien institutionnel de : la Ville de Fleurance, la\nCommunaut\u00e9 de Communes de la Lomagne Gersoise, le Pays Portes de Gascogne, le\nD\u00e9partement du Gers et la R\u00e9gion Midi-Pyr\u00e9n\u00e9es.<\/p>\n\n\n\n<h1>&nbsp;<\/h1>\n\n\n\n<h1>La rencontre\ndes D\u00e9fis Solaires dans le Gers, \u00e9dition 2019&nbsp;:<\/h1>\n\n\n\n<p>Pour sa quatri\u00e8me \u00e9dition, et la deuxi\u00e8me\nann\u00e9e cons\u00e9cutive, les D\u00e9fis Solaires avaient lieu \u00e0 Auch, dans le parc du\nConseil D\u00e9partemental du Gers, au pied de la magnifique chartreuse qui\naccueille la Cit\u00e9 des Transitions \u00c9nerg\u00e9tique et \u00c9cologique, un lieu\nparfaitement en ad\u00e9quation avec la th\u00e9matique des D\u00e9fis&nbsp;!<\/p>\n\n\n\n<div class=\"wp-block-image\"><figure class=\"aligncenter size-large\"><img loading=\"lazy\" width=\"493\" height=\"371\" src=\"http:\/\/www.planete-sciences.org\/blogs\/defissolaires\/wp-content\/uploads\/2020\/11\/image-1.png\" alt=\"\" class=\"wp-image-3392\" srcset=\"http:\/\/www.planete-sciences.org\/blogs\/defissolaires\/wp-content\/uploads\/2020\/11\/image-1.png 493w, http:\/\/www.planete-sciences.org\/blogs\/defissolaires\/wp-content\/uploads\/2020\/11\/image-1-300x226.png 300w\" sizes=\"(max-width: 493px) 100vw, 493px\" \/><\/figure><\/div>\n\n\n\n<p>Article La D\u00e9p\u00eache&nbsp;: <a href=\"https:\/\/www.ladepeche.fr\/2019\/06\/16\/la-finale-gersoise-des-defis-solaires-se-dispute-sous-la-canicule,8259397.php\">https:\/\/www.ladepeche.fr\/2019\/06\/16\/la-finale-gersoise-des-defis-solaires-se-dispute-sous-la-canicule,8259397.php<\/a><\/p>\n\n\n\n<p>Article Le Journal du Gers&nbsp;: <a href=\"https:\/\/lejournaldugers.fr\/article\/35588-les-defis-solaires-les-enfants-adorent\">https:\/\/lejournaldugers.fr\/article\/35588-les-defis-solaires-les-enfants-adorent<\/a><\/p>\n\n\n\n<p>Post Facebook\nHitFM32&nbsp;: <a href=\"https:\/\/www.facebook.com\/hitfmradio\/posts\/2452029938414966\">https:\/\/www.facebook.com\/hitfmradio\/posts\/2452029938414966<\/a><\/p>\n\n\n\n<p>Article Le petit journal (82) : <a href=\"https:\/\/www.lepetitjournal.net\/82-tarn-et-garonne\/2019\/06\/18\/beau-palmares-pour-les-realisations-des-sixiemes-du-college-saint-joseph\/\">https:\/\/www.lepetitjournal.net\/82-tarn-et-garonne\/2019\/06\/18\/beau-palmares-pour-les-realisations-des-sixiemes-du-college-saint-joseph\/<\/a><\/p>\n\n\n\n<div class=\"wp-block-image\"><figure class=\"aligncenter size-large\"><img loading=\"lazy\" width=\"483\" height=\"363\" src=\"http:\/\/www.planete-sciences.org\/blogs\/defissolaires\/wp-content\/uploads\/2020\/11\/image-2.png\" alt=\"\" class=\"wp-image-3393\" srcset=\"http:\/\/www.planete-sciences.org\/blogs\/defissolaires\/wp-content\/uploads\/2020\/11\/image-2.png 483w, http:\/\/www.planete-sciences.org\/blogs\/defissolaires\/wp-content\/uploads\/2020\/11\/image-2-300x225.png 300w\" sizes=\"(max-width: 483px) 100vw, 483px\" \/><\/figure><\/div>\n\n\n\n<h1>Les D\u00e9fis Solaires dans le Gers, \u00e9dition 2022\u00a0:<\/h1>\n\n\n\n<p>Cette ann\u00e9e, pour la septi\u00e8me \u00e9dition, les D\u00e9fis Solaires dans le Gers d\u00e9barqueront \u00e0 Mirande\u00a0!<\/p>\n\n\n\n<p>Pour participer aux D\u00e9fis Solaires dans le\nGers&nbsp;: <a href=\"http:\/\/www.fermedesetoiles.com\/projets_culturels\/54\/defis_solaires\">page\nd\u2019information et de contact pour le projet sur le site de la Ferme des Etoiles<\/a> &nbsp;<\/p>\n","protected":false},"excerpt":{"rendered":"<p>Les D\u00e9fis Solaires sont pr\u00e9sents dans le Gers et propos\u00e9s aux \u00e9coles depuis l\u2019ann\u00e9e scolaire 2015-2016. C\u2019est l\u2019association A Ciel Ouvert (groupe Ferme des Etoiles) qui assure la coordination de ce projet dans ce d\u00e9partement. A Ciel Ouvert &amp; le groupe Ferme des Etoiles Quatre associations sans but lucratif (loi de 1901) ont mis en [&hellip;]<\/p>\n","protected":false},"author":427,"featured_media":0,"parent":3377,"menu_order":0,"comment_status":"closed","ping_status":"closed","template":"","meta":[],"_links":{"self":[{"href":"http:\/\/www.planete-sciences.org\/blogs\/defissolaires\/wp-json\/wp\/v2\/pages\/3390"}],"collection":[{"href":"http:\/\/www.planete-sciences.org\/blogs\/defissolaires\/wp-json\/wp\/v2\/pages"}],"about":[{"href":"http:\/\/www.planete-sciences.org\/blogs\/defissolaires\/wp-json\/wp\/v2\/types\/page"}],"author":[{"embeddable":true,"href":"http:\/\/www.planete-sciences.org\/blogs\/defissolaires\/wp-json\/wp\/v2\/users\/427"}],"replies":[{"embeddable":true,"href":"http:\/\/www.planete-sciences.org\/blogs\/defissolaires\/wp-json\/wp\/v2\/comments?post=3390"}],"version-history":[{"count":2,"href":"http:\/\/www.planete-sciences.org\/blogs\/defissolaires\/wp-json\/wp\/v2\/pages\/3390\/revisions"}],"predecessor-version":[{"id":3530,"href":"http:\/\/www.planete-sciences.org\/blogs\/defissolaires\/wp-json\/wp\/v2\/pages\/3390\/revisions\/3530"}],"up":[{"embeddable":true,"href":"http:\/\/www.planete-sciences.org\/blogs\/defissolaires\/wp-json\/wp\/v2\/pages\/3377"}],"wp:attachment":[{"href":"http:\/\/www.planete-sciences.org\/blogs\/defissolaires\/wp-json\/wp\/v2\/media?parent=3390"}],"curies":[{"name":"wp","href":"https:\/\/api.w.org\/{rel}","templated":true}]}}