{"id":17,"date":"2011-09-17T18:24:03","date_gmt":"2011-09-17T16:24:03","guid":{"rendered":"http:\/\/www.planete-sciences.org\/blogs\/defis_solaires\/?page_id=17"},"modified":"2023-03-29T08:53:57","modified_gmt":"2023-03-29T06:53:57","slug":"deroulement","status":"publish","type":"page","link":"http:\/\/www.planete-sciences.org\/blogs\/defissolaires\/les-defis\/deroulement\/","title":{"rendered":"D\u00e9roulement"},"content":{"rendered":"<h2 style=\"text-align: center;\"><span style=\"color: #000080;\"><strong>LE D\u00c9ROULEMENT D&rsquo;UN PROJET TYPE \u00ab\u00a0D\u00c9FIS SOLAIRES\u00a0\u00bb<\/strong><\/span><\/h2>\n<h3><span style=\"color: #0000ff;\">Les \u00e9tapes cl\u00e9s durant l&rsquo;ann\u00e9e scolaire<\/span><\/h3>\n<p><span style=\"color: #333333;\"><strong><span style=\"text-decoration: underline;\">P\u00e9riode :<\/span><\/strong>\u00a0 de Septembre \u00e0 Juin, sur une ann\u00e9e scolaire. <\/span><\/p>\n<p><span style=\"color: #333333;\">Pour la r\u00e9alisation d&rsquo;un v\u00e9hicule : <\/span><\/p>\n<p><span style=\"color: #333333;\">&#8211; filoguid\u00e9, niveau \u00e9l\u00e9mentaire pour les \u00e9coles primaires et centres de loisirs : temps de projet estim\u00e9 \u00e0 20 h. <\/span><\/p>\n<p><span style=\"color: #333333;\">&#8211; radiocommand\u00e9, niveau secondaire pour les coll\u00e8ges, lyc\u00e9es et clubs des \u00e9coles d&rsquo;ing\u00e9nieurs : temps de projet estim\u00e9 \u00e0 40h.<\/span><\/p>\n<p><span style=\"color: #333333;\"><br \/>\n<span style=\"text-decoration: underline;\"><strong>Deux types de v\u00e9hicules<\/strong><strong> : <\/strong> <\/span><\/span><\/p>\n<p style=\"text-align: justify;\"><span style=\"color: #333333;\">Les D\u00e9fis Solaires regrouperont des \u00e9preuves de :<\/span><\/p>\n<ul>\n<li><span style=\"color: #333333;\"><strong>v\u00e9hicules radiocommand\u00e9s<\/strong> pour les jeunes de coll\u00e8ges, lyc\u00e9es et clubs de loisirs des \u00e9coles d&rsquo;ing\u00e9nieur.<strong><br \/>\n<\/strong><\/span><\/li>\n<\/ul>\n<p style=\"text-align: justify;\"><span style=\"color: #333333;\">Un cahier des charges sp\u00e9cifique pour chaque cat\u00e9gorie est remis \u00e0 jour chaque ann\u00e9e par le comit\u00e9 de pilotage des D\u00e9fis Solaires.<\/span><\/p>\n<p style=\"text-align: justify;\"><span style=\"text-decoration: underline;\"><strong><span style=\"color: #000000; text-decoration: underline;\">Du mat\u00e9riel mis \u00e0 disposition pour les participants :<\/span> <\/strong><\/span><\/p>\n<p style=\"text-align: justify;\">L&rsquo;association Plan\u00e8te Sciences Occitanie propose :<\/p>\n<ul>\n<li><strong>pour les \u00e9tablissements du secondaire :<\/strong> l&rsquo;achat group\u00e9 de cellules photovolta\u00efques pour optimiser les co\u00fbts.<\/li>\n<\/ul>\n<p><span style=\"text-decoration: underline;\"><strong>Un accompagnement de projet par Internet (en cours de red\u00e9finition) :<\/strong> <\/span><\/p>\n<p>A l&rsquo;inscription, \u00e0 chaque \u00e9quipe est attribu\u00e9 un blog o\u00f9 le groupe a la possibilit\u00e9 de :<\/p>\n<ul>\n<li>r\u00e9diger les articles de son choix pour raconter le d\u00e9roulement de son projet;<\/li>\n<li>remplir 4 \u00e9tapes cl\u00e9s de la d\u00e9marche exp\u00e9rimentale qui sont le t\u00e9moignage de l&rsquo;avancement du projet et seront soumises \u00e0 validation du comit\u00e9 de pilotage. Chaque \u00e9tape remplie traduit la bonne marche du projet et compte dans le r\u00e9sultat final de l&rsquo;\u00e9preuve.<\/li>\n<\/ul>\n<h4 style=\"text-align: justify; padding-left: 30px;\"><span style=\"color: #0000ff;\"><a href=\"http:\/\/www.planete-sciences.org\/blogs\/defissolaires\/wp-content\/uploads\/2011\/09\/P5280021.jpg\"><img loading=\"lazy\" class=\"alignright size-medium wp-image-318\" title=\"OLYMPUS DIGITAL CAMERA\" src=\"http:\/\/www.planete-sciences.org\/blogs\/defissolaires\/wp-content\/uploads\/2011\/09\/P5280021-224x300.jpg\" alt=\"\" width=\"176\" height=\"237\" \/><\/a><\/span><\/h4>\n<h3 style=\"text-align: justify;\"><span style=\"color: #0000ff;\">Les journ\u00e9es grand public de valorisation des projets<\/span><\/h3>\n<h3 style=\"text-align: justify;\"><span style=\"color: #000000;\"> P\u00e9riode :<\/span><span style=\"color: #000000;\">le vendredi 26 mai\u00a0 et le samedi 27 mai 2023<br \/>\n<\/span><\/h3>\n<h3 style=\"text-align: justify;\"><span style=\"color: #0000ff;\"><span style=\"color: #000000;\">Lieu: <\/span><span style=\"color: #000000;\">Cit\u00e9 de l&rsquo;espace, Toulouse <\/span><span style=\"color: #000000;\"><a href=\"http:\/\/www.cite-espace.com\/\"><span style=\"color: #000000;\">( http:\/\/www.cite-espace.com\/)<\/span><\/a><\/span><br \/>\n<\/span><\/h3>\n<h3 style=\"text-align: justify;\">\u00a0<span style=\"color: #333333;\"><span style=\"color: #0000ff;\">Vendredi 26 mai 2023 : \u00e9preuves des \u00e9coles<br \/>\n<\/span><\/span><\/h3>\n<p style=\"text-align: justify; padding-left: 30px;\"><span style=\"color: #333333;\">D\u00e9roulement des \u00e9preuves de la cat\u00e9gorie\u00a0<a href=\"ecoles_elementaires\"><span style=\"color: #333333;\"> ECOLES ELEMENTAIRES<\/span><\/a><\/span><\/p>\n<h3 style=\"text-align: justify;\"><span style=\"color: #0000ff;\">Samedi 27 mai 2023 : \u00e9preuves des coll\u00e8ges, des lyc\u00e9ens, des individuels et des loisirs<br \/>\n<\/span><\/h3>\n<p style=\"text-align: justify; padding-left: 30px;\"><span style=\"color: #333333;\">D\u00e9roulement des \u00e9preuves de la cat\u00e9gorie <a title=\"D\u00e9roulement D\u00e9fis Radiocommand\u00e9s \u2013 Courses Lyc\u00e9es\" href=\"http:\/\/www.planete-sciences.org\/blogs\/defissolaires\/accueil\/deroulement\/colleges-2\/\"><span style=\"color: #333333;\">LYCEES<\/span><\/a><\/span><\/p>\n<p>\u00a0\u00a0\u00a0\u00a0\u00a0 D\u00e9roulement des \u00e9preuves de la cat\u00e9gorie <a href=\"http:\/\/www.planete-sciences.org\/blogs\/defissolaires\/accueil\/deroulement\/colleges\/\">COLLEGES<\/a><\/p>\n<p style=\"text-align: justify; padding-left: 30px;\"><span style=\"color: #333333;\">D\u00e9roulement des \u00e9preuves de la cat\u00e9gorie <a title=\"D\u00e9roulement D\u00e9fis Radiocommand\u00e9s \u2013 Courses des Loisirs\" href=\"http:\/\/www.planete-sciences.org\/blogs\/defissolaires\/accueil\/deroulement\/loisirs\/\"><span style=\"color: #333333;\">LOISIRS<\/span><\/a><\/span><\/p>\n<h3 style=\"text-align: justify;\"><span style=\"color: #0000ff;\">Pour rendre la course plus belle: le principe d&rsquo;ascension<\/span><span style=\"color: #333333;\"><a href=\"http:\/\/www.planete-sciences.org\/blogs\/defissolaires\/wp-content\/uploads\/2011\/09\/P5280052.jpg\"><img loading=\"lazy\" class=\"alignright size-medium wp-image-319\" title=\"OLYMPUS DIGITAL CAMERA\" src=\"http:\/\/www.planete-sciences.org\/blogs\/defissolaires\/wp-content\/uploads\/2011\/09\/P5280052-224x300.jpg\" alt=\"\" width=\"150\" height=\"202\" \/><\/a><\/span><\/h3>\n<ul>\n<li>\n<h4><span style=\"color: #ff9900;\"><strong>Les coll\u00e8ges vers les lyc\u00e9es<\/strong><\/span><\/h4>\n<\/li>\n<\/ul>\n<p><span style=\"color: #000000;\"> Les meilleures \u00e9quipes des Coll\u00e8ges auront une place de r\u00e9serv\u00e9e sur la ligne de d\u00e9part des \u00e9preuves des Lyc\u00e9es qui auront lieu le samedi.<\/span><\/p>\n<ul>\n<li>\n<h4><span style=\"color: #ff9900;\"><strong>Les lyc\u00e9es vers les loisirs<\/strong><\/span><\/h4>\n<\/li>\n<\/ul>\n<p style=\"text-align: justify;\"><span style=\"color: #333333;\"> Les meilleures \u00e9quipes des Lyc\u00e9es auront une place de r\u00e9serv\u00e9e sur la ligne de d\u00e9part des \u00e9preuves des Loisirs qui auront lieu le dimanche.<\/span><\/p>\n<p style=\"text-align: justify;\"><span style=\"color: #333333;\">\u00a0<\/span><\/p>\n<h3><span style=\"color: #0000ff;\">Les r\u00e9compenses<\/span><\/h3>\n<p><span style=\"color: #333333;\">En plus de l&rsquo;entr\u00e9e gratuite offerte \u00e0 chaque participant par la cit\u00e9 de l&rsquo;espace, une r\u00e9compense est remise \u00e0 chaque \u00e9quipe.<\/span><\/p>\n<p style=\"padding-left: 150px;\"><a href=\"http:\/\/www.planete-sciences.org\/blogs\/defissolaires\/wp-content\/uploads\/2011\/09\/P5280086.jpg\"><img loading=\"lazy\" class=\"aligncenter size-medium wp-image-320\" title=\"OLYMPUS DIGITAL CAMERA\" src=\"http:\/\/www.planete-sciences.org\/blogs\/defissolaires\/wp-content\/uploads\/2011\/09\/P5280086-300x224.jpg\" alt=\"\" width=\"300\" height=\"224\" srcset=\"http:\/\/www.planete-sciences.org\/blogs\/defissolaires\/wp-content\/uploads\/2011\/09\/P5280086-300x224.jpg 300w, http:\/\/www.planete-sciences.org\/blogs\/defissolaires\/wp-content\/uploads\/2011\/09\/P5280086-1024x768.jpg 1024w\" sizes=\"(max-width: 300px) 100vw, 300px\" \/><\/a><\/p>\n","protected":false},"excerpt":{"rendered":"<p>LE D\u00c9ROULEMENT D&rsquo;UN PROJET TYPE \u00ab\u00a0D\u00c9FIS SOLAIRES\u00a0\u00bb Les \u00e9tapes cl\u00e9s durant l&rsquo;ann\u00e9e scolaire P\u00e9riode :\u00a0 de Septembre \u00e0 Juin, sur une ann\u00e9e scolaire. Pour la r\u00e9alisation d&rsquo;un v\u00e9hicule : &#8211; filoguid\u00e9, niveau \u00e9l\u00e9mentaire pour les \u00e9coles primaires et centres de loisirs : temps de projet estim\u00e9 \u00e0 20 h. &#8211; radiocommand\u00e9, niveau secondaire pour les [&hellip;]<\/p>\n","protected":false},"author":1,"featured_media":0,"parent":2446,"menu_order":0,"comment_status":"open","ping_status":"closed","template":"","meta":[],"_links":{"self":[{"href":"http:\/\/www.planete-sciences.org\/blogs\/defissolaires\/wp-json\/wp\/v2\/pages\/17"}],"collection":[{"href":"http:\/\/www.planete-sciences.org\/blogs\/defissolaires\/wp-json\/wp\/v2\/pages"}],"about":[{"href":"http:\/\/www.planete-sciences.org\/blogs\/defissolaires\/wp-json\/wp\/v2\/types\/page"}],"author":[{"embeddable":true,"href":"http:\/\/www.planete-sciences.org\/blogs\/defissolaires\/wp-json\/wp\/v2\/users\/1"}],"replies":[{"embeddable":true,"href":"http:\/\/www.planete-sciences.org\/blogs\/defissolaires\/wp-json\/wp\/v2\/comments?post=17"}],"version-history":[{"count":40,"href":"http:\/\/www.planete-sciences.org\/blogs\/defissolaires\/wp-json\/wp\/v2\/pages\/17\/revisions"}],"predecessor-version":[{"id":3574,"href":"http:\/\/www.planete-sciences.org\/blogs\/defissolaires\/wp-json\/wp\/v2\/pages\/17\/revisions\/3574"}],"up":[{"embeddable":true,"href":"http:\/\/www.planete-sciences.org\/blogs\/defissolaires\/wp-json\/wp\/v2\/pages\/2446"}],"wp:attachment":[{"href":"http:\/\/www.planete-sciences.org\/blogs\/defissolaires\/wp-json\/wp\/v2\/media?parent=17"}],"curies":[{"name":"wp","href":"https:\/\/api.w.org\/{rel}","templated":true}]}}